{"id":1976,"date":"2016-01-27T13:19:01","date_gmt":"2016-01-27T13:19:01","guid":{"rendered":"http:\/\/www.ville-harnes.fr\/site\/event-directory\/"},"modified":"2022-03-15T15:52:47","modified_gmt":"2022-03-15T14:52:47","slug":"event","status":"publish","type":"page","link":"https:\/\/www.ville-harnes.fr\/site\/event\/","title":{"rendered":"Agenda des \u00e9v\u00e9nements"},"content":{"rendered":"\t\t<div data-elementor-type=\"wp-page\" data-elementor-id=\"1976\" class=\"elementor elementor-1976\" data-elementor-post-type=\"page\">\n\t\t\t\t\t\t<section class=\"has_ma_el_bg_slider elementor-section elementor-top-section elementor-element elementor-element-3f3aa06 elementor-section-boxed elementor-section-height-default elementor-section-height-default jltma-glass-effect-no\" data-particle_enable=\"false\" data-particle-mobile-disabled=\"false\" data-id=\"3f3aa06\" data-element_type=\"section\">\n\t\t\t\t\t\t<div class=\"elementor-container elementor-column-gap-default\">\n\t\t\t\t\t<div class=\"has_ma_el_bg_slider elementor-column elementor-col-100 elementor-top-column elementor-element elementor-element-e106fec jltma-glass-effect-no\" data-id=\"e106fec\" data-element_type=\"column\">\n\t\t\t<div class=\"elementor-widget-wrap elementor-element-populated\">\n\t\t\t\t\t\t<div class=\"elementor-element elementor-element-46e456a jltma-glass-effect-no elementor-widget elementor-widget-image\" data-id=\"46e456a\" data-element_type=\"widget\" data-settings=\"{&quot;ekit_we_effect_on&quot;:&quot;none&quot;}\" data-widget_type=\"image.default\">\n\t\t\t\t<div class=\"elementor-widget-container\">\n\t\t\t<style>\/*! elementor - v3.20.0 - 20-03-2024 *\/\n.elementor-widget-image{text-align:center}.elementor-widget-image a{display:inline-block}.elementor-widget-image a img[src$=\".svg\"]{width:48px}.elementor-widget-image img{vertical-align:middle;display:inline-block}<\/style>\t\t\t\t\t\t\t\t\t\t<img decoding=\"async\" src=\"https:\/\/www.ville-harnes.fr\/site\/wp-content\/uploads\/2022\/02\/Agenda-illustration.jpg\" title=\"Agenda-illustration\" alt=\"Agenda-illustration\" loading=\"lazy\" \/>\t\t\t\t\t\t\t\t\t\t\t\t\t<\/div>\n\t\t\t\t<\/div>\n\t\t\t\t\t<\/div>\n\t\t<\/div>\n\t\t\t\t\t<\/div>\n\t\t<\/section>\n\t\t\t\t<section class=\"has_ma_el_bg_slider elementor-section elementor-top-section elementor-element elementor-element-5d89fa6 elementor-section-boxed elementor-section-height-default elementor-section-height-default jltma-glass-effect-no\" data-particle_enable=\"false\" data-particle-mobile-disabled=\"false\" data-id=\"5d89fa6\" data-element_type=\"section\">\n\t\t\t\t\t\t<div class=\"elementor-container elementor-column-gap-default\">\n\t\t\t\t\t<div class=\"has_ma_el_bg_slider elementor-column elementor-col-100 elementor-top-column elementor-element elementor-element-6963c5b jltma-glass-effect-no\" data-id=\"6963c5b\" data-element_type=\"column\">\n\t\t\t<div class=\"elementor-widget-wrap elementor-element-populated\">\n\t\t\t\t\t\t<div class=\"elementor-element elementor-element-053b3f9 jltma-glass-effect-no elementor-invisible elementor-widget elementor-widget-MEC\" data-id=\"053b3f9\" data-element_type=\"widget\" data-settings=\"{&quot;_animation&quot;:&quot;fadeIn&quot;,&quot;ekit_we_effect_on&quot;:&quot;none&quot;}\" data-widget_type=\"MEC.default\">\n\t\t\t\t<div class=\"elementor-widget-container\">\n\t\t\t<div id=\"mec_skin_14770\" class=\"mec-wrap colorskin-custom   mec-full-calendar-wrap\">\r\n\r\n    <div class=\"mec-search-form mec-totalcal-box\">\r\n                                    <div id=\"mec_search_form_14770\" class=\"\">\r\n\r\n            \r\n            <div class=\"mec-dropdown-wrap\">\r\n                                                                                                                                                <\/div>\r\n        <\/div>\r\n                <div>\r\n                                <\/div>\r\n        <div class=\"mec-full-calendar-search-ends\">\r\n                                                            <div class=\"col-md-12 mec-tab-loader\">\r\n                <div class=\"mec-totalcal-view\">\r\n                                        <span class=\"mec-totalcal-monthlyview mec-totalcalview-selected\" data-skin=\"monthly\">Mensuelle<\/span>                    <span class=\"mec-totalcal-weeklyview\" data-skin=\"weekly\">Hebdomadaire<\/span>                    <span class=\"mec-totalcal-dailyview\" data-skin=\"daily\">Quotidienne<\/span>                                                                            <\/div>\r\n            <\/div>\r\n        <\/div>\r\n            <\/div>\r\n\r\n    <div id=\"mec_full_calendar_container_14770\" class=\"mec-full-calendar-skin-container\">\r\n        <div id=\"mec_skin_14770\" class=\"mec-wrap colorskin-custom  \">\r\n\r\n    \r\n    <div class=\"mec-calendar \" id=\"mec_skin_events_14770_full\">\r\n        <div class=\"mec-calendar-topsec\">        <div class=\"mec-calendar-side mec-clear\">\r\n                        <div class=\"mec-skin-monthly-view-month-navigator-container\">\r\n                <div class=\"mec-month-navigator\" id=\"mec_month_navigator_14770_202604\"><div class=\"mec-previous-month mec-load-month mec-previous-month\" data-mec-year=\"2026\" data-mec-month=\"03\"><a href=\"#\" class=\"mec-load-month-link\"><i class=\"mec-sl-angle-left\"><\/i> mars<\/a><\/div><div class=\"mec-calendar-header\"><h2>avril 2026<\/h2><\/div><div class=\"mec-next-month mec-load-month mec-next-month\" data-mec-year=\"2026\" data-mec-month=\"05\"><a href=\"#\" class=\"mec-load-month-link\">mai <i class=\"mec-sl-angle-right\"><\/i><\/a><\/div><\/div>\r\n            <\/div>\r\n            \r\n            <div class=\"mec-calendar-table\" id=\"mec_skin_events_14770\">\r\n                <div class=\"mec-month-container mec-month-container-selected\" id=\"mec_monthly_view_month_14770_202604\" data-month-id=\"202604\"><dl class=\"mec-calendar-table-head\"><dt class=\"mec-calendar-day-head\">LUN<\/dt><dt class=\"mec-calendar-day-head\">MAR<\/dt><dt class=\"mec-calendar-day-head\">MER<\/dt><dt class=\"mec-calendar-day-head\">JEU<\/dt><dt class=\"mec-calendar-day-head\">VEN<\/dt><dt class=\"mec-calendar-day-head\">SAM<\/dt><dt class=\"mec-calendar-day-head\">DIM<\/dt><\/dl><dl class=\"mec-calendar-row\">\r\n    <dt class=\"mec-calendar-day mec-has-event \" data-mec-cell=\"20260330\" data-day=\"30\" data-month=\"202604\"><a href=\"#\" class=\"mec-has-event-a\">30<\/a><\/dt><dt class=\"mec-calendar-day mec-has-event \" data-mec-cell=\"20260331\" data-day=\"31\" data-month=\"202604\"><a href=\"#\" class=\"mec-has-event-a\">31<\/a><\/dt><dt class=\"mec-calendar-day mec-has-event \" data-mec-cell=\"20260401\" data-day=\"1\" data-month=\"202604\"><a href=\"#\" class=\"mec-has-event-a\">1<\/a><\/dt><\/dt><dt class=\"mec-calendar-day mec-has-event \" data-mec-cell=\"20260402\" data-day=\"2\" data-month=\"202604\"><a href=\"#\" class=\"mec-has-event-a\">2<\/a><\/dt><\/dt><dt class=\"mec-calendar-day mec-has-event \" data-mec-cell=\"20260403\" data-day=\"3\" data-month=\"202604\"><a href=\"#\" class=\"mec-has-event-a\">3<\/a><\/dt><\/dt><dt class=\"mec-calendar-day mec-has-event \" data-mec-cell=\"20260404\" data-day=\"4\" data-month=\"202604\"><a href=\"#\" class=\"mec-has-event-a\">4<\/a><\/dt><\/dt><dt class=\"mec-calendar-day mec-has-event \" data-mec-cell=\"20260405\" data-day=\"5\" data-month=\"202604\"><a href=\"#\" class=\"mec-has-event-a\">5<\/a><\/dt><\/dt><\/dl><dl class=\"mec-calendar-row\"><dt class=\"mec-calendar-day mec-has-event \" data-mec-cell=\"20260406\" data-day=\"6\" data-month=\"202604\"><a href=\"#\" class=\"mec-has-event-a\">6<\/a><\/dt><\/dt><dt class=\"mec-calendar-day mec-has-event \" data-mec-cell=\"20260407\" data-day=\"7\" data-month=\"202604\"><a href=\"#\" class=\"mec-has-event-a\">7<\/a><\/dt><\/dt><dt class=\"mec-calendar-day mec-has-event \" data-mec-cell=\"20260408\" data-day=\"8\" data-month=\"202604\"><a href=\"#\" class=\"mec-has-event-a\">8<\/a><\/dt><\/dt><dt class=\"mec-calendar-day mec-has-event \" data-mec-cell=\"20260409\" data-day=\"9\" data-month=\"202604\"><a href=\"#\" class=\"mec-has-event-a\">9<\/a><\/dt><\/dt><dt class=\"mec-calendar-day mec-has-event \" data-mec-cell=\"20260410\" data-day=\"10\" data-month=\"202604\"><a href=\"#\" class=\"mec-has-event-a\">10<\/a><\/dt><\/dt><dt class=\"mec-calendar-day mec-has-event \" data-mec-cell=\"20260411\" data-day=\"11\" data-month=\"202604\"><a href=\"#\" class=\"mec-has-event-a\">11<\/a><\/dt><\/dt><dt class=\"mec-calendar-day mec-has-event \" data-mec-cell=\"20260412\" data-day=\"12\" data-month=\"202604\"><a href=\"#\" class=\"mec-has-event-a\">12<\/a><\/dt><\/dt><\/dl><dl class=\"mec-calendar-row\"><dt class=\"mec-calendar-day mec-has-event \" data-mec-cell=\"20260413\" data-day=\"13\" data-month=\"202604\"><a href=\"#\" class=\"mec-has-event-a\">13<\/a><\/dt><\/dt><dt class=\"mec-calendar-day mec-has-event \" data-mec-cell=\"20260414\" data-day=\"14\" data-month=\"202604\"><a href=\"#\" class=\"mec-has-event-a\">14<\/a><\/dt><\/dt><dt class=\"mec-calendar-day mec-has-event \" data-mec-cell=\"20260415\" data-day=\"15\" data-month=\"202604\"><a href=\"#\" class=\"mec-has-event-a\">15<\/a><\/dt><\/dt><dt class=\"mec-calendar-day mec-has-event \" data-mec-cell=\"20260416\" data-day=\"16\" data-month=\"202604\"><a href=\"#\" class=\"mec-has-event-a\">16<\/a><\/dt><\/dt><dt class=\"mec-calendar-day mec-has-event \" data-mec-cell=\"20260417\" data-day=\"17\" data-month=\"202604\"><a href=\"#\" class=\"mec-has-event-a\">17<\/a><\/dt><\/dt><dt class=\"mec-calendar-day mec-has-event \" data-mec-cell=\"20260418\" data-day=\"18\" data-month=\"202604\"><a href=\"#\" class=\"mec-has-event-a\">18<\/a><\/dt><\/dt><dt class=\"mec-calendar-day mec-has-event \" data-mec-cell=\"20260419\" data-day=\"19\" data-month=\"202604\"><a href=\"#\" class=\"mec-has-event-a\">19<\/a><\/dt><\/dt><\/dl><dl class=\"mec-calendar-row\"><dt class=\"mec-calendar-day mec-has-event \" data-mec-cell=\"20260420\" data-day=\"20\" data-month=\"202604\"><a href=\"#\" class=\"mec-has-event-a\">20<\/a><\/dt><\/dt><dt class=\"mec-calendar-day mec-has-event \" data-mec-cell=\"20260421\" data-day=\"21\" data-month=\"202604\"><a href=\"#\" class=\"mec-has-event-a\">21<\/a><\/dt><\/dt><dt class=\"mec-calendar-day mec-has-event \" data-mec-cell=\"20260422\" data-day=\"22\" data-month=\"202604\"><a href=\"#\" class=\"mec-has-event-a\">22<\/a><\/dt><\/dt><dt class=\"mec-calendar-day mec-has-event \" data-mec-cell=\"20260423\" data-day=\"23\" data-month=\"202604\"><a href=\"#\" class=\"mec-has-event-a\">23<\/a><\/dt><\/dt><dt class=\"mec-calendar-day \" data-mec-cell=\"20260424\" data-day=\"24\" data-month=\"202604\">24<\/dt><\/dt><dt class=\"mec-calendar-day \" data-mec-cell=\"20260425\" data-day=\"25\" data-month=\"202604\">25<\/dt><\/dt><dt class=\"mec-calendar-day mec-has-event \" data-mec-cell=\"20260426\" data-day=\"26\" data-month=\"202604\"><a href=\"#\" class=\"mec-has-event-a\">26<\/a><\/dt><\/dt><\/dl><dl class=\"mec-calendar-row\"><dt class=\"mec-calendar-day \" data-mec-cell=\"20260427\" data-day=\"27\" data-month=\"202604\">27<\/dt><\/dt><dt class=\"mec-calendar-day \" data-mec-cell=\"20260428\" data-day=\"28\" data-month=\"202604\">28<\/dt><\/dt><dt class=\"mec-calendar-day  mec-selected-day\" data-mec-cell=\"20260429\" data-day=\"29\" data-month=\"202604\">29<\/dt><\/dt><dt class=\"mec-calendar-day \" data-mec-cell=\"20260430\" data-day=\"30\" data-month=\"202604\">30<\/dt><\/dt><dt class=\"mec-calendar-day mec-has-event \" data-mec-cell=\"20260501\" data-day=\"1\" data-month=\"202604\"><a href=\"#\" class=\"mec-has-event-a\">1<\/a><\/dt><dt class=\"mec-table-nullday\">2<\/dt><dt class=\"mec-table-nullday\">3<\/dt><\/dl>\r\n<\/div>\r\n            <\/div>\r\n\r\n                    <\/div>\r\n        <div class=\"mec-calendar-events-side mec-clear\"><div class=\"mec-month-side\" id=\"mec_month_side_14770_202604\"><div class=\"mec-calendar-events-sec\" id=\"mec-calendar-events-sec-14770-20260330\" data-mec-cell=\"20260330\" ><h6 class=\"mec-table-side-title\">\u00c9v\u00e9nements pour le <span class=\"mec-color mec-table-side-day\"> 30<\/span> mars<\/h6><article class=\"mec-past-event mec-event-article \"><div class=\"mec-event-image\"><img fetchpriority=\"high\" decoding=\"async\" width=\"300\" height=\"300\" src=\"https:\/\/www.ville-harnes.fr\/site\/wp-content\/uploads\/2026\/02\/catastrophe-cour-copie-2-300x300.jpg\" class=\"attachment-thumblist size-thumblist wp-post-image\" alt=\"\" data-mec-postid=\"23346\" \/><\/div><h4 class=\"mec-event-title\"><a class=\"mec-color-hover\" data-event-id=\"23346\" href=\"https:\/\/www.ville-harnes.fr\/site\/events\/exposition-catastrophe-de-courrieres-120-ans-deja\/\" target=\"_self\" rel=\"noopener\">Exposition \u00ab\u00a0Catastrophe de Courri\u00e8res &#8211; 120 ans d\u00e9j\u00e0 !\u00a0\u00bb<\/a><\/h4><div class=\"mec-event-detail\"><div class=\"mec-event-loc-place\">Mus\u00e9e de l&#039;Ecole et de la Mine<\/div><\/div><\/article><\/div><div class=\"mec-calendar-events-sec\" id=\"mec-calendar-events-sec-14770-20260331\" data-mec-cell=\"20260331\" ><h6 class=\"mec-table-side-title\">\u00c9v\u00e9nements pour le <span class=\"mec-color mec-table-side-day\"> 31<\/span> mars<\/h6><article class=\"mec-past-event mec-event-article \"><div class=\"mec-event-image\"><img fetchpriority=\"high\" decoding=\"async\" width=\"300\" height=\"300\" src=\"https:\/\/www.ville-harnes.fr\/site\/wp-content\/uploads\/2026\/02\/catastrophe-cour-copie-2-300x300.jpg\" class=\"attachment-thumblist size-thumblist wp-post-image\" alt=\"\" data-mec-postid=\"23346\" \/><\/div><h4 class=\"mec-event-title\"><a class=\"mec-color-hover\" data-event-id=\"23346\" href=\"https:\/\/www.ville-harnes.fr\/site\/events\/exposition-catastrophe-de-courrieres-120-ans-deja\/\" target=\"_self\" rel=\"noopener\">Exposition \u00ab\u00a0Catastrophe de Courri\u00e8res &#8211; 120 ans d\u00e9j\u00e0 !\u00a0\u00bb<\/a><\/h4><div class=\"mec-event-detail\"><div class=\"mec-event-loc-place\">Mus\u00e9e de l&#039;Ecole et de la Mine<\/div><\/div><\/article><\/div><div class=\"mec-calendar-events-sec\" id=\"mec-calendar-events-sec-14770-20260401\" data-mec-cell=\"20260401\" ><h6 class=\"mec-table-side-title\">\u00c9v\u00e9nements pour le <span class=\"mec-color mec-table-side-day\"> 1<\/span> avril<\/h6><article class=\"mec-past-event mec-event-article \"><div class=\"mec-event-image\"><img fetchpriority=\"high\" decoding=\"async\" width=\"300\" height=\"300\" src=\"https:\/\/www.ville-harnes.fr\/site\/wp-content\/uploads\/2026\/02\/catastrophe-cour-copie-2-300x300.jpg\" class=\"attachment-thumblist size-thumblist wp-post-image\" alt=\"\" data-mec-postid=\"23346\" \/><\/div><div class=\"mec-monthly-contents\" style=\"width: calc(100% - 86px)\"><h4 class=\"mec-event-title\"><a class=\"mec-color-hover\" data-event-id=\"23346\" href=\"https:\/\/www.ville-harnes.fr\/site\/events\/exposition-catastrophe-de-courrieres-120-ans-deja\/\" target=\"_self\" rel=\"noopener\">Exposition \u00ab\u00a0Catastrophe de Courri\u00e8res &#8211; 120 ans d\u00e9j\u00e0 !\u00a0\u00bb<\/a><\/h4><div class=\"mec-event-detail\"><div class=\"mec-event-loc-place\">Mus\u00e9e de l&#039;Ecole et de la Mine<\/div><\/div><\/div><div style=\"clear:both\"><\/div><\/article><\/div><div class=\"mec-calendar-events-sec\" id=\"mec-calendar-events-sec-14770-20260402\" data-mec-cell=\"20260402\" ><h6 class=\"mec-table-side-title\">\u00c9v\u00e9nements pour le <span class=\"mec-color mec-table-side-day\"> 2<\/span> avril<\/h6><article class=\"mec-past-event mec-event-article \"><div class=\"mec-event-image\"><img fetchpriority=\"high\" decoding=\"async\" width=\"300\" height=\"300\" src=\"https:\/\/www.ville-harnes.fr\/site\/wp-content\/uploads\/2026\/02\/catastrophe-cour-copie-2-300x300.jpg\" class=\"attachment-thumblist size-thumblist wp-post-image\" alt=\"\" data-mec-postid=\"23346\" \/><\/div><div class=\"mec-monthly-contents\" style=\"width: calc(100% - 86px)\"><h4 class=\"mec-event-title\"><a class=\"mec-color-hover\" data-event-id=\"23346\" href=\"https:\/\/www.ville-harnes.fr\/site\/events\/exposition-catastrophe-de-courrieres-120-ans-deja\/\" target=\"_self\" rel=\"noopener\">Exposition \u00ab\u00a0Catastrophe de Courri\u00e8res &#8211; 120 ans d\u00e9j\u00e0 !\u00a0\u00bb<\/a><\/h4><div class=\"mec-event-detail\"><div class=\"mec-event-loc-place\">Mus\u00e9e de l&#039;Ecole et de la Mine<\/div><\/div><\/div><div style=\"clear:both\"><\/div><\/article><\/div><div class=\"mec-calendar-events-sec\" id=\"mec-calendar-events-sec-14770-20260403\" data-mec-cell=\"20260403\" ><h6 class=\"mec-table-side-title\">\u00c9v\u00e9nements pour le <span class=\"mec-color mec-table-side-day\"> 3<\/span> avril<\/h6><article class=\"mec-past-event mec-event-article \"><div class=\"mec-event-image\"><img fetchpriority=\"high\" decoding=\"async\" width=\"300\" height=\"300\" src=\"https:\/\/www.ville-harnes.fr\/site\/wp-content\/uploads\/2026\/02\/catastrophe-cour-copie-2-300x300.jpg\" class=\"attachment-thumblist size-thumblist wp-post-image\" alt=\"\" data-mec-postid=\"23346\" \/><\/div><div class=\"mec-monthly-contents\" style=\"width: calc(100% - 86px)\"><h4 class=\"mec-event-title\"><a class=\"mec-color-hover\" data-event-id=\"23346\" href=\"https:\/\/www.ville-harnes.fr\/site\/events\/exposition-catastrophe-de-courrieres-120-ans-deja\/\" target=\"_self\" rel=\"noopener\">Exposition \u00ab\u00a0Catastrophe de Courri\u00e8res &#8211; 120 ans d\u00e9j\u00e0 !\u00a0\u00bb<\/a><\/h4><div class=\"mec-event-detail\"><div class=\"mec-event-loc-place\">Mus\u00e9e de l&#039;Ecole et de la Mine<\/div><\/div><\/div><div style=\"clear:both\"><\/div><\/article><article class=\"mec-past-event mec-event-article \"><div class=\"mec-event-image\"><img decoding=\"async\" width=\"300\" height=\"300\" src=\"https:\/\/www.ville-harnes.fr\/site\/wp-content\/uploads\/2026\/02\/Vente-des-baranki-2026-300x300.jpg\" class=\"attachment-thumblist size-thumblist wp-post-image\" alt=\"\" data-mec-postid=\"23348\" \/><\/div><div class=\"mec-monthly-contents\" style=\"width: calc(100% - 86px)\"><div class=\"mec-event-time mec-color\"><i class=\"mec-sl-clock-o\"><\/i> 8 h 00 min<\/div><h4 class=\"mec-event-title\"><a class=\"mec-color-hover\" data-event-id=\"23348\" href=\"https:\/\/www.ville-harnes.fr\/site\/events\/vente-des-baranki-3\/\" target=\"_self\" rel=\"noopener\">Vente des Baranki<\/a><\/h4><div class=\"mec-event-detail\"><div class=\"mec-event-loc-place\">Salle Chopin<\/div><\/div><\/div><div style=\"clear:both\"><\/div><\/article><\/div><div class=\"mec-calendar-events-sec\" id=\"mec-calendar-events-sec-14770-20260404\" data-mec-cell=\"20260404\" ><h6 class=\"mec-table-side-title\">\u00c9v\u00e9nements pour le <span class=\"mec-color mec-table-side-day\"> 4<\/span> avril<\/h6><article class=\"mec-past-event mec-event-article \"><div class=\"mec-event-image\"><img fetchpriority=\"high\" decoding=\"async\" width=\"300\" height=\"300\" src=\"https:\/\/www.ville-harnes.fr\/site\/wp-content\/uploads\/2026\/02\/catastrophe-cour-copie-2-300x300.jpg\" class=\"attachment-thumblist size-thumblist wp-post-image\" alt=\"\" data-mec-postid=\"23346\" \/><\/div><div class=\"mec-monthly-contents\" style=\"width: calc(100% - 86px)\"><h4 class=\"mec-event-title\"><a class=\"mec-color-hover\" data-event-id=\"23346\" href=\"https:\/\/www.ville-harnes.fr\/site\/events\/exposition-catastrophe-de-courrieres-120-ans-deja\/\" target=\"_self\" rel=\"noopener\">Exposition \u00ab\u00a0Catastrophe de Courri\u00e8res &#8211; 120 ans d\u00e9j\u00e0 !\u00a0\u00bb<\/a><\/h4><div class=\"mec-event-detail\"><div class=\"mec-event-loc-place\">Mus\u00e9e de l&#039;Ecole et de la Mine<\/div><\/div><\/div><div style=\"clear:both\"><\/div><\/article><article class=\"mec-past-event mec-event-article \"><div class=\"mec-event-image\"><img decoding=\"async\" width=\"300\" height=\"300\" src=\"https:\/\/www.ville-harnes.fr\/site\/wp-content\/uploads\/2026\/03\/Mathias-Mlekuz-2026-300x300.jpg\" class=\"attachment-thumblist size-thumblist wp-post-image\" alt=\"\" data-mec-postid=\"23418\" \/><\/div><div class=\"mec-monthly-contents\" style=\"width: calc(100% - 86px)\"><h4 class=\"mec-event-title\"><a class=\"mec-color-hover\" data-event-id=\"23418\" href=\"https:\/\/www.ville-harnes.fr\/site\/events\/cinema-une-journee-avec-mathias-mlekuz\/\" target=\"_self\" rel=\"noopener\">Cin\u00e9ma &#8211; Une journ\u00e9e avec Mathias Mlekuz<\/a><\/h4><div class=\"mec-event-detail\"><div class=\"mec-event-loc-place\"><\/div><\/div><\/div><div style=\"clear:both\"><\/div><\/article><\/div><div class=\"mec-calendar-events-sec\" id=\"mec-calendar-events-sec-14770-20260405\" data-mec-cell=\"20260405\" ><h6 class=\"mec-table-side-title\">\u00c9v\u00e9nements pour le <span class=\"mec-color mec-table-side-day\"> 5<\/span> avril<\/h6><article class=\"mec-past-event mec-event-article \"><div class=\"mec-event-image\"><img fetchpriority=\"high\" decoding=\"async\" width=\"300\" height=\"300\" src=\"https:\/\/www.ville-harnes.fr\/site\/wp-content\/uploads\/2026\/02\/catastrophe-cour-copie-2-300x300.jpg\" class=\"attachment-thumblist size-thumblist wp-post-image\" alt=\"\" data-mec-postid=\"23346\" \/><\/div><div class=\"mec-monthly-contents\" style=\"width: calc(100% - 86px)\"><h4 class=\"mec-event-title\"><a class=\"mec-color-hover\" data-event-id=\"23346\" href=\"https:\/\/www.ville-harnes.fr\/site\/events\/exposition-catastrophe-de-courrieres-120-ans-deja\/\" target=\"_self\" rel=\"noopener\">Exposition \u00ab\u00a0Catastrophe de Courri\u00e8res &#8211; 120 ans d\u00e9j\u00e0 !\u00a0\u00bb<\/a><\/h4><div class=\"mec-event-detail\"><div class=\"mec-event-loc-place\">Mus\u00e9e de l&#039;Ecole et de la Mine<\/div><\/div><\/div><div style=\"clear:both\"><\/div><\/article><\/div><div class=\"mec-calendar-events-sec\" id=\"mec-calendar-events-sec-14770-20260406\" data-mec-cell=\"20260406\" ><h6 class=\"mec-table-side-title\">\u00c9v\u00e9nements pour le <span class=\"mec-color mec-table-side-day\"> 6<\/span> avril<\/h6><article class=\"mec-past-event mec-event-article \"><div class=\"mec-event-image\"><img fetchpriority=\"high\" decoding=\"async\" width=\"300\" height=\"300\" src=\"https:\/\/www.ville-harnes.fr\/site\/wp-content\/uploads\/2026\/02\/catastrophe-cour-copie-2-300x300.jpg\" class=\"attachment-thumblist size-thumblist wp-post-image\" alt=\"\" data-mec-postid=\"23346\" \/><\/div><div class=\"mec-monthly-contents\" style=\"width: calc(100% - 86px)\"><h4 class=\"mec-event-title\"><a class=\"mec-color-hover\" data-event-id=\"23346\" href=\"https:\/\/www.ville-harnes.fr\/site\/events\/exposition-catastrophe-de-courrieres-120-ans-deja\/\" target=\"_self\" rel=\"noopener\">Exposition \u00ab\u00a0Catastrophe de Courri\u00e8res &#8211; 120 ans d\u00e9j\u00e0 !\u00a0\u00bb<\/a><\/h4><div class=\"mec-event-detail\"><div class=\"mec-event-loc-place\">Mus\u00e9e de l&#039;Ecole et de la Mine<\/div><\/div><\/div><div style=\"clear:both\"><\/div><\/article><\/div><div class=\"mec-calendar-events-sec\" id=\"mec-calendar-events-sec-14770-20260407\" data-mec-cell=\"20260407\" ><h6 class=\"mec-table-side-title\">\u00c9v\u00e9nements pour le <span class=\"mec-color mec-table-side-day\"> 7<\/span> avril<\/h6><article class=\"mec-past-event mec-event-article \"><div class=\"mec-event-image\"><img fetchpriority=\"high\" decoding=\"async\" width=\"300\" height=\"300\" src=\"https:\/\/www.ville-harnes.fr\/site\/wp-content\/uploads\/2026\/02\/catastrophe-cour-copie-2-300x300.jpg\" class=\"attachment-thumblist size-thumblist wp-post-image\" alt=\"\" data-mec-postid=\"23346\" \/><\/div><div class=\"mec-monthly-contents\" style=\"width: calc(100% - 86px)\"><h4 class=\"mec-event-title\"><a class=\"mec-color-hover\" data-event-id=\"23346\" href=\"https:\/\/www.ville-harnes.fr\/site\/events\/exposition-catastrophe-de-courrieres-120-ans-deja\/\" target=\"_self\" rel=\"noopener\">Exposition \u00ab\u00a0Catastrophe de Courri\u00e8res &#8211; 120 ans d\u00e9j\u00e0 !\u00a0\u00bb<\/a><\/h4><div class=\"mec-event-detail\"><div class=\"mec-event-loc-place\">Mus\u00e9e de l&#039;Ecole et de la Mine<\/div><\/div><\/div><div style=\"clear:both\"><\/div><\/article><\/div><div class=\"mec-calendar-events-sec\" id=\"mec-calendar-events-sec-14770-20260408\" data-mec-cell=\"20260408\" ><h6 class=\"mec-table-side-title\">\u00c9v\u00e9nements pour le <span class=\"mec-color mec-table-side-day\"> 8<\/span> avril<\/h6><article class=\"mec-past-event mec-event-article \"><div class=\"mec-event-image\"><img fetchpriority=\"high\" decoding=\"async\" width=\"300\" height=\"300\" src=\"https:\/\/www.ville-harnes.fr\/site\/wp-content\/uploads\/2026\/02\/catastrophe-cour-copie-2-300x300.jpg\" class=\"attachment-thumblist size-thumblist wp-post-image\" alt=\"\" data-mec-postid=\"23346\" \/><\/div><div class=\"mec-monthly-contents\" style=\"width: calc(100% - 86px)\"><h4 class=\"mec-event-title\"><a class=\"mec-color-hover\" data-event-id=\"23346\" href=\"https:\/\/www.ville-harnes.fr\/site\/events\/exposition-catastrophe-de-courrieres-120-ans-deja\/\" target=\"_self\" rel=\"noopener\">Exposition \u00ab\u00a0Catastrophe de Courri\u00e8res &#8211; 120 ans d\u00e9j\u00e0 !\u00a0\u00bb<\/a><\/h4><div class=\"mec-event-detail\"><div class=\"mec-event-loc-place\">Mus\u00e9e de l&#039;Ecole et de la Mine<\/div><\/div><\/div><div style=\"clear:both\"><\/div><\/article><article class=\"mec-past-event mec-event-article \"><div class=\"mec-event-image\"><img loading=\"lazy\" decoding=\"async\" width=\"300\" height=\"300\" src=\"https:\/\/www.ville-harnes.fr\/site\/wp-content\/uploads\/2026\/01\/mini-kermesse-copie-300x300.jpg\" class=\"attachment-thumblist size-thumblist wp-post-image\" alt=\"\" data-mec-postid=\"23234\" \/><\/div><div class=\"mec-monthly-contents\" style=\"width: calc(100% - 86px)\"><div class=\"mec-event-time mec-color\"><i class=\"mec-sl-clock-o\"><\/i> 14 h 00 min - 16 h 30 min<\/div><h4 class=\"mec-event-title\"><a class=\"mec-color-hover\" data-event-id=\"23234\" href=\"https:\/\/www.ville-harnes.fr\/site\/events\/mini-kermesse-de-paques\/\" target=\"_self\" rel=\"noopener\">Mini Kermesse de P\u00e2ques<\/a><\/h4><div class=\"mec-event-detail\"><div class=\"mec-event-loc-place\">Ecole Diderot<\/div><\/div><\/div><div style=\"clear:both\"><\/div><\/article><\/div><div class=\"mec-calendar-events-sec\" id=\"mec-calendar-events-sec-14770-20260409\" data-mec-cell=\"20260409\" ><h6 class=\"mec-table-side-title\">\u00c9v\u00e9nements pour le <span class=\"mec-color mec-table-side-day\"> 9<\/span> avril<\/h6><article class=\"mec-past-event mec-event-article \"><div class=\"mec-event-image\"><img fetchpriority=\"high\" decoding=\"async\" width=\"300\" height=\"300\" src=\"https:\/\/www.ville-harnes.fr\/site\/wp-content\/uploads\/2026\/02\/catastrophe-cour-copie-2-300x300.jpg\" class=\"attachment-thumblist size-thumblist wp-post-image\" alt=\"\" data-mec-postid=\"23346\" \/><\/div><div class=\"mec-monthly-contents\" style=\"width: calc(100% - 86px)\"><h4 class=\"mec-event-title\"><a class=\"mec-color-hover\" data-event-id=\"23346\" href=\"https:\/\/www.ville-harnes.fr\/site\/events\/exposition-catastrophe-de-courrieres-120-ans-deja\/\" target=\"_self\" rel=\"noopener\">Exposition \u00ab\u00a0Catastrophe de Courri\u00e8res &#8211; 120 ans d\u00e9j\u00e0 !\u00a0\u00bb<\/a><\/h4><div class=\"mec-event-detail\"><div class=\"mec-event-loc-place\">Mus\u00e9e de l&#039;Ecole et de la Mine<\/div><\/div><\/div><div style=\"clear:both\"><\/div><\/article><\/div><div class=\"mec-calendar-events-sec\" id=\"mec-calendar-events-sec-14770-20260410\" data-mec-cell=\"20260410\" ><h6 class=\"mec-table-side-title\">\u00c9v\u00e9nements pour le <span class=\"mec-color mec-table-side-day\"> 10<\/span> avril<\/h6><article class=\"mec-past-event mec-event-article \"><div class=\"mec-event-image\"><img loading=\"lazy\" decoding=\"async\" width=\"300\" height=\"300\" src=\"https:\/\/www.ville-harnes.fr\/site\/wp-content\/uploads\/2025\/01\/ForumSante2026-copie-2-300x300.jpg\" class=\"attachment-thumblist size-thumblist wp-post-image\" alt=\"\" data-mec-postid=\"23344\" \/><\/div><div class=\"mec-monthly-contents\" style=\"width: calc(100% - 86px)\"><div class=\"mec-event-time mec-color\"><i class=\"mec-sl-clock-o\"><\/i> 8 h 00 min<\/div><h4 class=\"mec-event-title\"><a class=\"mec-color-hover\" data-event-id=\"23344\" href=\"https:\/\/www.ville-harnes.fr\/site\/events\/forum-sante-vous-bien\/\" target=\"_self\" rel=\"noopener\">Forum \u00ab\u00a0Sant\u00e9 vous bien !\u00a0\u00bb<\/a><\/h4><div class=\"mec-event-detail\"><div class=\"mec-event-loc-place\">Complexe Mimoun<\/div><\/div><\/div><div style=\"clear:both\"><\/div><\/article><\/div><div class=\"mec-calendar-events-sec\" id=\"mec-calendar-events-sec-14770-20260411\" data-mec-cell=\"20260411\" ><h6 class=\"mec-table-side-title\">\u00c9v\u00e9nements pour le <span class=\"mec-color mec-table-side-day\"> 11<\/span> avril<\/h6><article class=\"mec-past-event mec-event-article \"><div class=\"mec-event-image\"><img loading=\"lazy\" decoding=\"async\" width=\"300\" height=\"300\" src=\"https:\/\/www.ville-harnes.fr\/site\/wp-content\/uploads\/2026\/02\/Salon-du-manga-300x300.jpg\" class=\"attachment-thumblist size-thumblist wp-post-image\" alt=\"\" data-mec-postid=\"23267\" \/><\/div><div class=\"mec-monthly-contents\" style=\"width: calc(100% - 86px)\"><h4 class=\"mec-event-title\"><a class=\"mec-color-hover\" data-event-id=\"23267\" href=\"https:\/\/www.ville-harnes.fr\/site\/events\/salon-du-manga-du-jeux-video-et-de-la-culture-japonaise\/\" target=\"_self\" rel=\"noopener\">Salon du manga, du jeux vid\u00e9o et de la culture japonaise<\/a><\/h4><div class=\"mec-event-detail\"><div class=\"mec-event-loc-place\">Salle Kraska<\/div><\/div><\/div><div style=\"clear:both\"><\/div><\/article><\/div><div class=\"mec-calendar-events-sec\" id=\"mec-calendar-events-sec-14770-20260412\" data-mec-cell=\"20260412\" ><h6 class=\"mec-table-side-title\">\u00c9v\u00e9nements pour le <span class=\"mec-color mec-table-side-day\"> 12<\/span> avril<\/h6><article class=\"mec-past-event mec-event-article \"><div class=\"mec-event-image\"><img loading=\"lazy\" decoding=\"async\" width=\"300\" height=\"300\" src=\"https:\/\/www.ville-harnes.fr\/site\/wp-content\/uploads\/2026\/02\/12042026_AM-dansant-RSG-2026-300x300.jpg\" class=\"attachment-thumblist size-thumblist wp-post-image\" alt=\"\" data-mec-postid=\"23260\" \/><\/div><div class=\"mec-monthly-contents\" style=\"width: calc(100% - 86px)\"><div class=\"mec-event-time mec-color\"><i class=\"mec-sl-clock-o\"><\/i> 15 h 00 min - 20 h 00 min<\/div><h4 class=\"mec-event-title\"><a class=\"mec-color-hover\" data-event-id=\"23260\" href=\"https:\/\/www.ville-harnes.fr\/site\/events\/apres-midi-dansant\/\" target=\"_self\" rel=\"noopener\">Apr\u00e8s-midi dansant<\/a><\/h4><div class=\"mec-event-detail\"><div class=\"mec-event-loc-place\">Salle des F\u00eates<\/div><\/div><\/div><div style=\"clear:both\"><\/div><\/article><\/div><div class=\"mec-calendar-events-sec\" id=\"mec-calendar-events-sec-14770-20260413\" data-mec-cell=\"20260413\" ><h6 class=\"mec-table-side-title\">\u00c9v\u00e9nements pour le <span class=\"mec-color mec-table-side-day\"> 13<\/span> avril<\/h6><article class=\"mec-past-event mec-event-article \"><div class=\"mec-event-image\"><img loading=\"lazy\" decoding=\"async\" width=\"300\" height=\"300\" src=\"https:\/\/www.ville-harnes.fr\/site\/wp-content\/uploads\/2026\/04\/Nature-et-patrimoine-2026-300x300.jpg\" class=\"attachment-thumblist size-thumblist wp-post-image\" alt=\"\" data-mec-postid=\"23537\" \/><\/div><div class=\"mec-monthly-contents\" style=\"width: calc(100% - 86px)\"><div class=\"mec-event-time mec-color\"><i class=\"mec-sl-clock-o\"><\/i> 8 h 00 min - 0 h 00 min<\/div><h4 class=\"mec-event-title\"><a class=\"mec-color-hover\" data-event-id=\"23537\" href=\"https:\/\/www.ville-harnes.fr\/site\/events\/vacances-nature-et-patrimoine\/\" target=\"_self\" rel=\"noopener\">Vacances &#8211; Nature et Patrimoine<\/a><\/h4><div class=\"mec-event-detail\"><div class=\"mec-event-loc-place\">Mus\u00e9e d&#039;Histoire et d&#039;Arch\u00e9ologie<\/div><\/div><\/div><div style=\"clear:both\"><\/div><\/article><\/div><div class=\"mec-calendar-events-sec\" id=\"mec-calendar-events-sec-14770-20260414\" data-mec-cell=\"20260414\" ><h6 class=\"mec-table-side-title\">\u00c9v\u00e9nements pour le <span class=\"mec-color mec-table-side-day\"> 14<\/span> avril<\/h6><article class=\"mec-past-event mec-event-article \"><div class=\"mec-event-image\"><img loading=\"lazy\" decoding=\"async\" width=\"300\" height=\"300\" src=\"https:\/\/www.ville-harnes.fr\/site\/wp-content\/uploads\/2026\/04\/Nature-et-patrimoine-2026-300x300.jpg\" class=\"attachment-thumblist size-thumblist wp-post-image\" alt=\"\" data-mec-postid=\"23537\" \/><\/div><div class=\"mec-monthly-contents\" style=\"width: calc(100% - 86px)\"><div class=\"mec-event-time mec-color\"><i class=\"mec-sl-clock-o\"><\/i> Journ\u00e9e enti\u00e8re<\/div><h4 class=\"mec-event-title\"><a class=\"mec-color-hover\" data-event-id=\"23537\" href=\"https:\/\/www.ville-harnes.fr\/site\/events\/vacances-nature-et-patrimoine\/\" target=\"_self\" rel=\"noopener\">Vacances &#8211; Nature et Patrimoine<\/a><\/h4><div class=\"mec-event-detail\"><div class=\"mec-event-loc-place\">Mus\u00e9e d&#039;Histoire et d&#039;Arch\u00e9ologie<\/div><\/div><\/div><div style=\"clear:both\"><\/div><\/article><article class=\"mec-past-event mec-event-article \"><div class=\"mec-event-image\"><img loading=\"lazy\" decoding=\"async\" width=\"300\" height=\"300\" src=\"https:\/\/www.ville-harnes.fr\/site\/wp-content\/uploads\/2026\/03\/Vac-Parkour-4-26-copie-2-300x300.jpg\" class=\"attachment-thumblist size-thumblist wp-post-image\" alt=\"\" data-mec-postid=\"23450\" \/><\/div><div class=\"mec-monthly-contents\" style=\"width: calc(100% - 86px)\"><div class=\"mec-event-time mec-color\"><i class=\"mec-sl-clock-o\"><\/i> 18 h 00 min - 19 h 30 min<\/div><h4 class=\"mec-event-title\"><a class=\"mec-color-hover\" data-event-id=\"23450\" href=\"https:\/\/www.ville-harnes.fr\/site\/events\/vac-parkour-4\/\" target=\"_self\" rel=\"noopener\">VAC Parkour<\/a><\/h4><div class=\"mec-event-detail\"><div class=\"mec-event-loc-place\"><\/div><\/div><\/div><div style=\"clear:both\"><\/div><\/article><\/div><div class=\"mec-calendar-events-sec\" id=\"mec-calendar-events-sec-14770-20260415\" data-mec-cell=\"20260415\" ><h6 class=\"mec-table-side-title\">\u00c9v\u00e9nements pour le <span class=\"mec-color mec-table-side-day\"> 15<\/span> avril<\/h6><article class=\"mec-past-event mec-event-article \"><div class=\"mec-event-image\"><img loading=\"lazy\" decoding=\"async\" width=\"300\" height=\"300\" src=\"https:\/\/www.ville-harnes.fr\/site\/wp-content\/uploads\/2026\/04\/Nature-et-patrimoine-2026-300x300.jpg\" class=\"attachment-thumblist size-thumblist wp-post-image\" alt=\"\" data-mec-postid=\"23537\" \/><\/div><div class=\"mec-monthly-contents\" style=\"width: calc(100% - 86px)\"><div class=\"mec-event-time mec-color\"><i class=\"mec-sl-clock-o\"><\/i> Journ\u00e9e enti\u00e8re<\/div><h4 class=\"mec-event-title\"><a class=\"mec-color-hover\" data-event-id=\"23537\" href=\"https:\/\/www.ville-harnes.fr\/site\/events\/vacances-nature-et-patrimoine\/\" target=\"_self\" rel=\"noopener\">Vacances &#8211; Nature et Patrimoine<\/a><\/h4><div class=\"mec-event-detail\"><div class=\"mec-event-loc-place\">Mus\u00e9e d&#039;Histoire et d&#039;Arch\u00e9ologie<\/div><\/div><\/div><div style=\"clear:both\"><\/div><\/article><\/div><div class=\"mec-calendar-events-sec\" id=\"mec-calendar-events-sec-14770-20260416\" data-mec-cell=\"20260416\" ><h6 class=\"mec-table-side-title\">\u00c9v\u00e9nements pour le <span class=\"mec-color mec-table-side-day\"> 16<\/span> avril<\/h6><article class=\"mec-past-event mec-event-article \"><div class=\"mec-event-image\"><img loading=\"lazy\" decoding=\"async\" width=\"300\" height=\"300\" src=\"https:\/\/www.ville-harnes.fr\/site\/wp-content\/uploads\/2026\/04\/Nature-et-patrimoine-2026-300x300.jpg\" class=\"attachment-thumblist size-thumblist wp-post-image\" alt=\"\" data-mec-postid=\"23537\" \/><\/div><div class=\"mec-monthly-contents\" style=\"width: calc(100% - 86px)\"><div class=\"mec-event-time mec-color\"><i class=\"mec-sl-clock-o\"><\/i> Journ\u00e9e enti\u00e8re<\/div><h4 class=\"mec-event-title\"><a class=\"mec-color-hover\" data-event-id=\"23537\" href=\"https:\/\/www.ville-harnes.fr\/site\/events\/vacances-nature-et-patrimoine\/\" target=\"_self\" rel=\"noopener\">Vacances &#8211; Nature et Patrimoine<\/a><\/h4><div class=\"mec-event-detail\"><div class=\"mec-event-loc-place\">Mus\u00e9e d&#039;Histoire et d&#039;Arch\u00e9ologie<\/div><\/div><\/div><div style=\"clear:both\"><\/div><\/article><\/div><div class=\"mec-calendar-events-sec\" id=\"mec-calendar-events-sec-14770-20260417\" data-mec-cell=\"20260417\" ><h6 class=\"mec-table-side-title\">\u00c9v\u00e9nements pour le <span class=\"mec-color mec-table-side-day\"> 17<\/span> avril<\/h6><article class=\"mec-past-event mec-event-article \"><div class=\"mec-event-image\"><img loading=\"lazy\" decoding=\"async\" width=\"300\" height=\"300\" src=\"https:\/\/www.ville-harnes.fr\/site\/wp-content\/uploads\/2026\/04\/Nature-et-patrimoine-2026-300x300.jpg\" class=\"attachment-thumblist size-thumblist wp-post-image\" alt=\"\" data-mec-postid=\"23537\" \/><\/div><div class=\"mec-monthly-contents\" style=\"width: calc(100% - 86px)\"><div class=\"mec-event-time mec-color\"><i class=\"mec-sl-clock-o\"><\/i> Journ\u00e9e enti\u00e8re<\/div><h4 class=\"mec-event-title\"><a class=\"mec-color-hover\" data-event-id=\"23537\" href=\"https:\/\/www.ville-harnes.fr\/site\/events\/vacances-nature-et-patrimoine\/\" target=\"_self\" rel=\"noopener\">Vacances &#8211; Nature et Patrimoine<\/a><\/h4><div class=\"mec-event-detail\"><div class=\"mec-event-loc-place\">Mus\u00e9e d&#039;Histoire et d&#039;Arch\u00e9ologie<\/div><\/div><\/div><div style=\"clear:both\"><\/div><\/article><article class=\"mec-past-event mec-event-article \"><div class=\"mec-event-image\"><img loading=\"lazy\" decoding=\"async\" width=\"300\" height=\"300\" src=\"https:\/\/www.ville-harnes.fr\/site\/wp-content\/uploads\/2026\/03\/affiche-sens_page-0001-300x300.jpg\" class=\"attachment-thumblist size-thumblist wp-post-image\" alt=\"\" data-mec-postid=\"23446\" \/><\/div><div class=\"mec-monthly-contents\" style=\"width: calc(100% - 86px)\"><div class=\"mec-event-time mec-color\"><i class=\"mec-sl-clock-o\"><\/i> 20 h 00 min<\/div><h4 class=\"mec-event-title\"><a class=\"mec-color-hover\" data-event-id=\"23446\" href=\"https:\/\/www.ville-harnes.fr\/site\/events\/vch-vs-sens-5\/\" target=\"_self\" rel=\"noopener\">VCH vs Sens<\/a><\/h4><div class=\"mec-event-detail\"><div class=\"mec-event-loc-place\">Salle Mar\u00e9chal<\/div><\/div><\/div><div style=\"clear:both\"><\/div><\/article><\/div><div class=\"mec-calendar-events-sec\" id=\"mec-calendar-events-sec-14770-20260418\" data-mec-cell=\"20260418\" ><h6 class=\"mec-table-side-title\">\u00c9v\u00e9nements pour le <span class=\"mec-color mec-table-side-day\"> 18<\/span> avril<\/h6><article class=\"mec-past-event mec-event-article \"><div class=\"mec-event-image\"><img loading=\"lazy\" decoding=\"async\" width=\"300\" height=\"300\" src=\"https:\/\/www.ville-harnes.fr\/site\/wp-content\/uploads\/2026\/03\/Loto-300x300.jpg\" class=\"attachment-thumblist size-thumblist wp-post-image\" alt=\"\" data-mec-postid=\"23374\" \/><\/div><div class=\"mec-monthly-contents\" style=\"width: calc(100% - 86px)\"><div class=\"mec-event-time mec-color\"><i class=\"mec-sl-clock-o\"><\/i> 0 h 00 min<\/div><h4 class=\"mec-event-title\"><a class=\"mec-color-hover\" data-event-id=\"23374\" href=\"https:\/\/www.ville-harnes.fr\/site\/events\/loto-des-sapeurs-pompiers-de-harnes\/\" target=\"_self\" rel=\"noopener\">Loto des sapeurs-pompiers de Harnes<\/a><\/h4><div class=\"mec-event-detail\"><div class=\"mec-event-loc-place\">Salle des F\u00eates<\/div><\/div><\/div><div style=\"clear:both\"><\/div><\/article><article class=\"mec-past-event mec-event-article \"><div class=\"mec-event-image\"><img loading=\"lazy\" decoding=\"async\" width=\"300\" height=\"300\" src=\"https:\/\/www.ville-harnes.fr\/site\/wp-content\/uploads\/2026\/04\/Nature-et-patrimoine-2026-300x300.jpg\" class=\"attachment-thumblist size-thumblist wp-post-image\" alt=\"\" data-mec-postid=\"23537\" \/><\/div><div class=\"mec-monthly-contents\" style=\"width: calc(100% - 86px)\"><div class=\"mec-event-time mec-color\"><i class=\"mec-sl-clock-o\"><\/i> Journ\u00e9e enti\u00e8re<\/div><h4 class=\"mec-event-title\"><a class=\"mec-color-hover\" data-event-id=\"23537\" href=\"https:\/\/www.ville-harnes.fr\/site\/events\/vacances-nature-et-patrimoine\/\" target=\"_self\" rel=\"noopener\">Vacances &#8211; Nature et Patrimoine<\/a><\/h4><div class=\"mec-event-detail\"><div class=\"mec-event-loc-place\">Mus\u00e9e d&#039;Histoire et d&#039;Arch\u00e9ologie<\/div><\/div><\/div><div style=\"clear:both\"><\/div><\/article><article class=\"mec-past-event mec-event-article \"><div class=\"mec-event-image\"><img loading=\"lazy\" decoding=\"async\" width=\"300\" height=\"300\" src=\"https:\/\/www.ville-harnes.fr\/site\/wp-content\/uploads\/2026\/02\/bourse-2026-amicale-communaux-copie-4-300x300.jpg\" class=\"attachment-thumblist size-thumblist wp-post-image\" alt=\"\" data-mec-postid=\"23340\" \/><\/div><div class=\"mec-monthly-contents\" style=\"width: calc(100% - 86px)\"><div class=\"mec-event-time mec-color\"><i class=\"mec-sl-clock-o\"><\/i> 8 h 00 min - 18 h 00 min<\/div><h4 class=\"mec-event-title\"><a class=\"mec-color-hover\" data-event-id=\"23340\" href=\"https:\/\/www.ville-harnes.fr\/site\/events\/16eme-bourse-le-rendez-vous-des-trouvailles\/\" target=\"_self\" rel=\"noopener\">16\u00e8me Bourse \u00ab\u00a0Le rendez-vous des trouvailles\u00a0\u00bb<\/a><\/h4><div class=\"mec-event-detail\"><div class=\"mec-event-loc-place\">Complexe A. Bigotte<\/div><\/div><\/div><div style=\"clear:both\"><\/div><\/article><article class=\"mec-past-event mec-event-article \"><div class=\"mec-event-image\"><img loading=\"lazy\" decoding=\"async\" width=\"300\" height=\"300\" src=\"https:\/\/www.ville-harnes.fr\/site\/wp-content\/uploads\/2026\/03\/Vac-Parkour-4-26-copie-2-300x300.jpg\" class=\"attachment-thumblist size-thumblist wp-post-image\" alt=\"\" data-mec-postid=\"23450\" \/><\/div><div class=\"mec-monthly-contents\" style=\"width: calc(100% - 86px)\"><div class=\"mec-event-time mec-color\"><i class=\"mec-sl-clock-o\"><\/i> 15 h 00 min - 16 h 30 min<\/div><h4 class=\"mec-event-title\"><a class=\"mec-color-hover\" data-event-id=\"23450\" href=\"https:\/\/www.ville-harnes.fr\/site\/events\/vac-parkour-4\/\" target=\"_self\" rel=\"noopener\">VAC Parkour<\/a><\/h4><div class=\"mec-event-detail\"><div class=\"mec-event-loc-place\"><\/div><\/div><\/div><div style=\"clear:both\"><\/div><\/article><\/div><div class=\"mec-calendar-events-sec\" id=\"mec-calendar-events-sec-14770-20260419\" data-mec-cell=\"20260419\" ><h6 class=\"mec-table-side-title\">\u00c9v\u00e9nements pour le <span class=\"mec-color mec-table-side-day\"> 19<\/span> avril<\/h6><article class=\"mec-past-event mec-event-article \"><div class=\"mec-event-image\"><img loading=\"lazy\" decoding=\"async\" width=\"300\" height=\"300\" src=\"https:\/\/www.ville-harnes.fr\/site\/wp-content\/uploads\/2026\/04\/Nature-et-patrimoine-2026-300x300.jpg\" class=\"attachment-thumblist size-thumblist wp-post-image\" alt=\"\" data-mec-postid=\"23537\" \/><\/div><div class=\"mec-monthly-contents\" style=\"width: calc(100% - 86px)\"><div class=\"mec-event-time mec-color\"><i class=\"mec-sl-clock-o\"><\/i> Journ\u00e9e enti\u00e8re<\/div><h4 class=\"mec-event-title\"><a class=\"mec-color-hover\" data-event-id=\"23537\" href=\"https:\/\/www.ville-harnes.fr\/site\/events\/vacances-nature-et-patrimoine\/\" target=\"_self\" rel=\"noopener\">Vacances &#8211; Nature et Patrimoine<\/a><\/h4><div class=\"mec-event-detail\"><div class=\"mec-event-loc-place\">Mus\u00e9e d&#039;Histoire et d&#039;Arch\u00e9ologie<\/div><\/div><\/div><div style=\"clear:both\"><\/div><\/article><\/div><div class=\"mec-calendar-events-sec\" id=\"mec-calendar-events-sec-14770-20260420\" data-mec-cell=\"20260420\" ><h6 class=\"mec-table-side-title\">\u00c9v\u00e9nements pour le <span class=\"mec-color mec-table-side-day\"> 20<\/span> avril<\/h6><article class=\"mec-past-event mec-event-article \"><div class=\"mec-event-image\"><img loading=\"lazy\" decoding=\"async\" width=\"300\" height=\"300\" src=\"https:\/\/www.ville-harnes.fr\/site\/wp-content\/uploads\/2026\/04\/Nature-et-patrimoine-2026-300x300.jpg\" class=\"attachment-thumblist size-thumblist wp-post-image\" alt=\"\" data-mec-postid=\"23537\" \/><\/div><div class=\"mec-monthly-contents\" style=\"width: calc(100% - 86px)\"><div class=\"mec-event-time mec-color\"><i class=\"mec-sl-clock-o\"><\/i> Journ\u00e9e enti\u00e8re<\/div><h4 class=\"mec-event-title\"><a class=\"mec-color-hover\" data-event-id=\"23537\" href=\"https:\/\/www.ville-harnes.fr\/site\/events\/vacances-nature-et-patrimoine\/\" target=\"_self\" rel=\"noopener\">Vacances &#8211; Nature et Patrimoine<\/a><\/h4><div class=\"mec-event-detail\"><div class=\"mec-event-loc-place\">Mus\u00e9e d&#039;Histoire et d&#039;Arch\u00e9ologie<\/div><\/div><\/div><div style=\"clear:both\"><\/div><\/article><article class=\"mec-past-event mec-event-article \"><div class=\"mec-event-image\"><img loading=\"lazy\" decoding=\"async\" width=\"300\" height=\"300\" src=\"https:\/\/www.ville-harnes.fr\/site\/wp-content\/uploads\/2026\/03\/Vac-Parkour-4-26-copie-2-300x300.jpg\" class=\"attachment-thumblist size-thumblist wp-post-image\" alt=\"\" data-mec-postid=\"23450\" \/><\/div><div class=\"mec-monthly-contents\" style=\"width: calc(100% - 86px)\"><div class=\"mec-event-time mec-color\"><i class=\"mec-sl-clock-o\"><\/i> 18 h 00 min - 19 h 30 min<\/div><h4 class=\"mec-event-title\"><a class=\"mec-color-hover\" data-event-id=\"23450\" href=\"https:\/\/www.ville-harnes.fr\/site\/events\/vac-parkour-4\/\" target=\"_self\" rel=\"noopener\">VAC Parkour<\/a><\/h4><div class=\"mec-event-detail\"><div class=\"mec-event-loc-place\"><\/div><\/div><\/div><div style=\"clear:both\"><\/div><\/article><\/div><div class=\"mec-calendar-events-sec\" id=\"mec-calendar-events-sec-14770-20260421\" data-mec-cell=\"20260421\" ><h6 class=\"mec-table-side-title\">\u00c9v\u00e9nements pour le <span class=\"mec-color mec-table-side-day\"> 21<\/span> avril<\/h6><article class=\"mec-past-event mec-event-article \"><div class=\"mec-event-image\"><img loading=\"lazy\" decoding=\"async\" width=\"300\" height=\"300\" src=\"https:\/\/www.ville-harnes.fr\/site\/wp-content\/uploads\/2026\/04\/Nature-et-patrimoine-2026-300x300.jpg\" class=\"attachment-thumblist size-thumblist wp-post-image\" alt=\"\" data-mec-postid=\"23537\" \/><\/div><div class=\"mec-monthly-contents\" style=\"width: calc(100% - 86px)\"><div class=\"mec-event-time mec-color\"><i class=\"mec-sl-clock-o\"><\/i> Journ\u00e9e enti\u00e8re<\/div><h4 class=\"mec-event-title\"><a class=\"mec-color-hover\" data-event-id=\"23537\" href=\"https:\/\/www.ville-harnes.fr\/site\/events\/vacances-nature-et-patrimoine\/\" target=\"_self\" rel=\"noopener\">Vacances &#8211; Nature et Patrimoine<\/a><\/h4><div class=\"mec-event-detail\"><div class=\"mec-event-loc-place\">Mus\u00e9e d&#039;Histoire et d&#039;Arch\u00e9ologie<\/div><\/div><\/div><div style=\"clear:both\"><\/div><\/article><article class=\"mec-past-event mec-event-article \"><div class=\"mec-event-image\"><img loading=\"lazy\" decoding=\"async\" width=\"300\" height=\"300\" src=\"https:\/\/www.ville-harnes.fr\/site\/wp-content\/uploads\/2026\/03\/Vac-Parkour-4-26-copie-2-300x300.jpg\" class=\"attachment-thumblist size-thumblist wp-post-image\" alt=\"\" data-mec-postid=\"23450\" \/><\/div><div class=\"mec-monthly-contents\" style=\"width: calc(100% - 86px)\"><div class=\"mec-event-time mec-color\"><i class=\"mec-sl-clock-o\"><\/i> 18 h 00 min - 19 h 30 min<\/div><h4 class=\"mec-event-title\"><a class=\"mec-color-hover\" data-event-id=\"23450\" href=\"https:\/\/www.ville-harnes.fr\/site\/events\/vac-parkour-4\/\" target=\"_self\" rel=\"noopener\">VAC Parkour<\/a><\/h4><div class=\"mec-event-detail\"><div class=\"mec-event-loc-place\"><\/div><\/div><\/div><div style=\"clear:both\"><\/div><\/article><\/div><div class=\"mec-calendar-events-sec\" id=\"mec-calendar-events-sec-14770-20260422\" data-mec-cell=\"20260422\" ><h6 class=\"mec-table-side-title\">\u00c9v\u00e9nements pour le <span class=\"mec-color mec-table-side-day\"> 22<\/span> avril<\/h6><article class=\"mec-past-event mec-event-article \"><div class=\"mec-event-image\"><img loading=\"lazy\" decoding=\"async\" width=\"300\" height=\"300\" src=\"https:\/\/www.ville-harnes.fr\/site\/wp-content\/uploads\/2026\/04\/Nature-et-patrimoine-2026-300x300.jpg\" class=\"attachment-thumblist size-thumblist wp-post-image\" alt=\"\" data-mec-postid=\"23537\" \/><\/div><div class=\"mec-monthly-contents\" style=\"width: calc(100% - 86px)\"><div class=\"mec-event-time mec-color\"><i class=\"mec-sl-clock-o\"><\/i> 0 h 00 min - 18 h 00 min<\/div><h4 class=\"mec-event-title\"><a class=\"mec-color-hover\" data-event-id=\"23537\" href=\"https:\/\/www.ville-harnes.fr\/site\/events\/vacances-nature-et-patrimoine\/\" target=\"_self\" rel=\"noopener\">Vacances &#8211; Nature et Patrimoine<\/a><\/h4><div class=\"mec-event-detail\"><div class=\"mec-event-loc-place\">Mus\u00e9e d&#039;Histoire et d&#039;Arch\u00e9ologie<\/div><\/div><\/div><div style=\"clear:both\"><\/div><\/article><\/div><div class=\"mec-calendar-events-sec\" id=\"mec-calendar-events-sec-14770-20260423\" data-mec-cell=\"20260423\" ><h6 class=\"mec-table-side-title\">\u00c9v\u00e9nements pour le <span class=\"mec-color mec-table-side-day\"> 23<\/span> avril<\/h6><article class=\"mec-past-event mec-event-article \"><div class=\"mec-event-image\"><img loading=\"lazy\" decoding=\"async\" width=\"300\" height=\"300\" src=\"https:\/\/www.ville-harnes.fr\/site\/wp-content\/uploads\/2026\/03\/futsal-2026-copie-4-300x300.jpg\" class=\"attachment-thumblist size-thumblist wp-post-image\" alt=\"\" data-mec-postid=\"23377\" \/><\/div><div class=\"mec-monthly-contents\" style=\"width: calc(100% - 86px)\"><div class=\"mec-event-time mec-color\"><i class=\"mec-sl-clock-o\"><\/i> 9 h 00 min - 17 h 00 min<\/div><h4 class=\"mec-event-title\"><a class=\"mec-color-hover\" data-event-id=\"23377\" href=\"https:\/\/www.ville-harnes.fr\/site\/events\/collecte-de-dons-tournoi-de-futsal-solidaire\/\" target=\"_self\" rel=\"noopener\">Collecte de dons &#8211; Tournoi de Futsal Solidaire<\/a><\/h4><div class=\"mec-event-detail\"><div class=\"mec-event-loc-place\">Complexe A. Bigotte<\/div><\/div><\/div><div style=\"clear:both\"><\/div><\/article><article class=\"mec-past-event mec-event-article \"><div class=\"mec-event-image\"><img loading=\"lazy\" decoding=\"async\" width=\"300\" height=\"300\" src=\"https:\/\/www.ville-harnes.fr\/site\/wp-content\/uploads\/2026\/03\/Vac-Parkour-4-26-copie-2-300x300.jpg\" class=\"attachment-thumblist size-thumblist wp-post-image\" alt=\"\" data-mec-postid=\"23450\" \/><\/div><div class=\"mec-monthly-contents\" style=\"width: calc(100% - 86px)\"><div class=\"mec-event-time mec-color\"><i class=\"mec-sl-clock-o\"><\/i> 18 h 00 min - 19 h 30 min<\/div><h4 class=\"mec-event-title\"><a class=\"mec-color-hover\" data-event-id=\"23450\" href=\"https:\/\/www.ville-harnes.fr\/site\/events\/vac-parkour-4\/\" target=\"_self\" rel=\"noopener\">VAC Parkour<\/a><\/h4><div class=\"mec-event-detail\"><div class=\"mec-event-loc-place\"><\/div><\/div><\/div><div style=\"clear:both\"><\/div><\/article><\/div><div class=\"mec-calendar-events-sec\" id=\"mec-calendar-events-sec-14770-20260424\" data-mec-cell=\"20260424\" ><h6 class=\"mec-table-side-title\">\u00c9v\u00e9nements pour le <span class=\"mec-color mec-table-side-day\"> 24<\/span> avril<\/h6><article class=\"mec-event-article\"><div class=\"mec-event-detail\">Aucun \u00e9v\u00e9nement<\/div><\/article><\/div><div class=\"mec-calendar-events-sec\" id=\"mec-calendar-events-sec-14770-20260425\" data-mec-cell=\"20260425\" ><h6 class=\"mec-table-side-title\">\u00c9v\u00e9nements pour le <span class=\"mec-color mec-table-side-day\"> 25<\/span> avril<\/h6><article class=\"mec-event-article\"><div class=\"mec-event-detail\">Aucun \u00e9v\u00e9nement<\/div><\/article><\/div><div class=\"mec-calendar-events-sec\" id=\"mec-calendar-events-sec-14770-20260426\" data-mec-cell=\"20260426\" ><h6 class=\"mec-table-side-title\">\u00c9v\u00e9nements pour le <span class=\"mec-color mec-table-side-day\"> 26<\/span> avril<\/h6><article class=\"mec-past-event mec-event-article \"><div class=\"mec-event-image\"><img loading=\"lazy\" decoding=\"async\" width=\"300\" height=\"300\" src=\"https:\/\/www.ville-harnes.fr\/site\/wp-content\/uploads\/2026\/01\/Repas-dansant-Tradition-Avenir-300x300.jpg\" class=\"attachment-thumblist size-thumblist wp-post-image\" alt=\"\" data-mec-postid=\"23236\" \/><\/div><div class=\"mec-monthly-contents\" style=\"width: calc(100% - 86px)\"><h4 class=\"mec-event-title\"><a class=\"mec-color-hover\" data-event-id=\"23236\" href=\"https:\/\/www.ville-harnes.fr\/site\/events\/repas-dansant-tradition-avenir-2\/\" target=\"_self\" rel=\"noopener\">Repas dansant &#8211; Tradition &#038; Avenir<\/a><\/h4><div class=\"mec-event-detail\"><div class=\"mec-event-loc-place\">Salle Kraska<\/div><\/div><\/div><div style=\"clear:both\"><\/div><\/article><article class=\"mec-past-event mec-event-article \"><div class=\"mec-event-image\"><img loading=\"lazy\" decoding=\"async\" width=\"300\" height=\"300\" src=\"https:\/\/www.ville-harnes.fr\/site\/wp-content\/uploads\/2026\/04\/26-avril-copie-300x300.jpg\" class=\"attachment-thumblist size-thumblist wp-post-image\" alt=\"\" data-mec-postid=\"23568\" \/><\/div><div class=\"mec-monthly-contents\" style=\"width: calc(100% - 86px)\"><div class=\"mec-event-time mec-color\"><i class=\"mec-sl-clock-o\"><\/i> 10 h 15 min - 11 h 00 min<\/div><h4 class=\"mec-event-title\"><a class=\"mec-color-hover\" data-event-id=\"23568\" href=\"https:\/\/www.ville-harnes.fr\/site\/events\/journee-nationale-du-souvenir-des-victimes-et-heros-de-la-deportation\/\" target=\"_self\" rel=\"noopener\">Journ\u00e9e Nationale du souvenir des victimes et h\u00e9ros de la d\u00e9portation<\/a><\/h4><div class=\"mec-event-detail\"><div class=\"mec-event-loc-place\">Parvis de l&#039;H\u00f4tel de ville<\/div><\/div><\/div><div style=\"clear:both\"><\/div><\/article><article class=\"mec-past-event mec-event-article \"><div class=\"mec-event-image\"><img loading=\"lazy\" decoding=\"async\" width=\"212\" height=\"300\" src=\"https:\/\/www.ville-harnes.fr\/site\/wp-content\/uploads\/2026\/03\/Baby-Week.jpg\" class=\"attachment-thumblist size-thumblist wp-post-image\" alt=\"\" data-mec-postid=\"23448\" \/><\/div><div class=\"mec-monthly-contents\" style=\"width: calc(100% - 86px)\"><div class=\"mec-event-time mec-color\"><i class=\"mec-sl-clock-o\"><\/i> 14 h 00 min - 17 h 00 min<\/div><h4 class=\"mec-event-title\"><a class=\"mec-color-hover\" data-event-id=\"23448\" href=\"https:\/\/www.ville-harnes.fr\/site\/events\/baby-week\/\" target=\"_self\" rel=\"noopener\">Baby Week<\/a><\/h4><div class=\"mec-event-detail\"><div class=\"mec-event-loc-place\">Complexe A. Bigotte<\/div><\/div><\/div><div style=\"clear:both\"><\/div><\/article><\/div><div class=\"mec-calendar-events-sec\" id=\"mec-calendar-events-sec-14770-20260427\" data-mec-cell=\"20260427\" ><h6 class=\"mec-table-side-title\">\u00c9v\u00e9nements pour le <span class=\"mec-color mec-table-side-day\"> 27<\/span> avril<\/h6><article class=\"mec-event-article\"><div class=\"mec-event-detail\">Aucun \u00e9v\u00e9nement<\/div><\/article><\/div><div class=\"mec-calendar-events-sec\" id=\"mec-calendar-events-sec-14770-20260428\" data-mec-cell=\"20260428\" ><h6 class=\"mec-table-side-title\">\u00c9v\u00e9nements pour le <span class=\"mec-color mec-table-side-day\"> 28<\/span> avril<\/h6><article class=\"mec-event-article\"><div class=\"mec-event-detail\">Aucun \u00e9v\u00e9nement<\/div><\/article><\/div><div class=\"mec-calendar-events-sec\" id=\"mec-calendar-events-sec-14770-20260429\" data-mec-cell=\"20260429\"  style=\"display: block;\"><h6 class=\"mec-table-side-title\">\u00c9v\u00e9nements pour le <span class=\"mec-color mec-table-side-day\"> 29<\/span> avril<\/h6><article class=\"mec-event-article\"><div class=\"mec-event-detail\">Aucun \u00e9v\u00e9nement<\/div><\/article><\/div><div class=\"mec-calendar-events-sec\" id=\"mec-calendar-events-sec-14770-20260430\" data-mec-cell=\"20260430\" ><h6 class=\"mec-table-side-title\">\u00c9v\u00e9nements pour le <span class=\"mec-color mec-table-side-day\"> 30<\/span> avril<\/h6><article class=\"mec-event-article\"><div class=\"mec-event-detail\">Aucun \u00e9v\u00e9nement<\/div><\/article><\/div><div class=\"mec-calendar-events-sec\" id=\"mec-calendar-events-sec-14770-20260501\" data-mec-cell=\"20260501\" ><h6 class=\"mec-table-side-title\">\u00c9v\u00e9nements pour le <span class=\"mec-color mec-table-side-day\"> 1<\/span> mai<\/h6><article class=\"mec-event-article \"><div class=\"mec-event-image\"><img loading=\"lazy\" decoding=\"async\" width=\"300\" height=\"300\" src=\"https:\/\/www.ville-harnes.fr\/site\/wp-content\/uploads\/2026\/04\/1er-mai-26-copie-4-300x300.jpg\" class=\"attachment-thumblist size-thumblist wp-post-image\" alt=\"\" data-mec-postid=\"23569\" \/><\/div><div class=\"mec-event-time mec-color\"><i class=\"mec-sl-clock-o\"><\/i> 10 h 00 min - 11 h 05 min<\/div><h4 class=\"mec-event-title\"><a class=\"mec-color-hover\" data-event-id=\"23569\" href=\"https:\/\/www.ville-harnes.fr\/site\/events\/fete-du-travail-3\/\" target=\"_self\" rel=\"noopener\">F\u00eate du travail<\/a><\/h4><div class=\"mec-event-detail\"><div class=\"mec-event-loc-place\">Salle Bella Mandel<\/div><\/div><\/article><\/div><\/div><\/div><\/div><div class=\"mec-event-footer\"><\/div>    <\/div>\r\n\r\n<\/div>    <\/div>\r\n\r\n<\/div>\t\t<\/div>\n\t\t\t\t<\/div>\n\t\t\t\t\t<\/div>\n\t\t<\/div>\n\t\t\t\t\t<\/div>\n\t\t<\/section>\n\t\t\t\t<section class=\"has_ma_el_bg_slider elementor-section elementor-top-section elementor-element elementor-element-e589dd8 elementor-section-boxed elementor-section-height-default elementor-section-height-default jltma-glass-effect-no\" data-particle_enable=\"false\" data-particle-mobile-disabled=\"false\" data-id=\"e589dd8\" data-element_type=\"section\">\n\t\t\t\t\t\t<div class=\"elementor-container elementor-column-gap-default\">\n\t\t\t\t\t<div class=\"has_ma_el_bg_slider elementor-column elementor-col-100 elementor-top-column elementor-element elementor-element-a9032b9 jltma-glass-effect-no\" data-id=\"a9032b9\" data-element_type=\"column\">\n\t\t\t<div class=\"elementor-widget-wrap elementor-element-populated\">\n\t\t\t\t\t\t<div class=\"elementor-element elementor-element-ff3596e jltma-glass-effect-no elementor-widget elementor-widget-testimonial\" data-id=\"ff3596e\" data-element_type=\"widget\" data-settings=\"{&quot;ekit_we_effect_on&quot;:&quot;none&quot;}\" data-widget_type=\"testimonial.default\">\n\t\t\t\t<div class=\"elementor-widget-container\">\n\t\t\t<style>\/*! elementor - v3.20.0 - 20-03-2024 *\/\n.elementor-testimonial-wrapper{overflow:hidden;text-align:center}.elementor-testimonial-wrapper .elementor-testimonial-content{font-size:1.3em;margin-bottom:20px}.elementor-testimonial-wrapper .elementor-testimonial-name{line-height:1.5;display:block}.elementor-testimonial-wrapper .elementor-testimonial-job{font-size:.85em;display:block}.elementor-testimonial-wrapper .elementor-testimonial-meta{width:100%;line-height:1}.elementor-testimonial-wrapper .elementor-testimonial-meta-inner{display:inline-block}.elementor-testimonial-wrapper .elementor-testimonial-meta .elementor-testimonial-details,.elementor-testimonial-wrapper .elementor-testimonial-meta .elementor-testimonial-image{display:table-cell;vertical-align:middle}.elementor-testimonial-wrapper .elementor-testimonial-meta .elementor-testimonial-image img{width:60px;height:60px;border-radius:50%;-o-object-fit:cover;object-fit:cover;max-width:none}.elementor-testimonial-wrapper .elementor-testimonial-meta.elementor-testimonial-image-position-aside .elementor-testimonial-image{padding-right:15px}.elementor-testimonial-wrapper .elementor-testimonial-meta.elementor-testimonial-image-position-aside .elementor-testimonial-details{text-align:left}.elementor-testimonial-wrapper .elementor-testimonial-meta.elementor-testimonial-image-position-top .elementor-testimonial-details,.elementor-testimonial-wrapper .elementor-testimonial-meta.elementor-testimonial-image-position-top .elementor-testimonial-image{display:block}.elementor-testimonial-wrapper .elementor-testimonial-meta.elementor-testimonial-image-position-top .elementor-testimonial-image{margin-bottom:20px}<\/style>\t\t<div class=\"elementor-testimonial-wrapper\">\n\t\t\t\t\t\t\t<div class=\"elementor-testimonial-content\"><b>Associations \/ clubs :<\/b> Vous organisez un \u00e9v\u00e9nement sur la commune ? N'h\u00e9sitez pas \u00e0 nous communiquer les informations par mail \u00e0 l'adresse : communication@ville-harnes.fr.<\/div>\n\t\t\t\n\t\t\t\t\t\t<div class=\"elementor-testimonial-meta elementor-has-image elementor-testimonial-image-position-aside\">\n\t\t\t\t<div class=\"elementor-testimonial-meta-inner\">\n\t\t\t\t\t\t\t\t\t\t\t<div class=\"elementor-testimonial-image\">\n\t\t\t\t\t\t\t<a href=\"http:\/\/communication@ville-harnes.fr\" target=\"_blank\"><img loading=\"lazy\" decoding=\"async\" width=\"2165\" height=\"2227\" src=\"https:\/\/www.ville-harnes.fr\/site\/wp-content\/uploads\/2016\/01\/logo-seul.png\" class=\"attachment-full size-full wp-image-1761\" alt=\"\" srcset=\"https:\/\/www.ville-harnes.fr\/site\/wp-content\/uploads\/2016\/01\/logo-seul.png 2165w, https:\/\/www.ville-harnes.fr\/site\/wp-content\/uploads\/2016\/01\/logo-seul-292x300.png 292w, https:\/\/www.ville-harnes.fr\/site\/wp-content\/uploads\/2016\/01\/logo-seul-768x790.png 768w, https:\/\/www.ville-harnes.fr\/site\/wp-content\/uploads\/2016\/01\/logo-seul-995x1024.png 995w\" sizes=\"(max-width: 2165px) 100vw, 2165px\" \/><\/a>\t\t\t\t\t\t<\/div>\n\t\t\t\t\t\n\t\t\t\t\t\t\t\t\t\t<div class=\"elementor-testimonial-details\">\n\t\t\t\t\t\t\t\t\t\t\t\t\t\t<a class=\"elementor-testimonial-name\" href=\"http:\/\/communication@ville-harnes.fr\" target=\"_blank\">Le service communication<\/a>\n\t\t\t\t\t\t\t\t\t\t\t\t\t\t\t\t\t\t\t<\/div>\n\t\t\t\t\t\t\t\t\t<\/div>\n\t\t\t<\/div>\n\t\t\t\t\t<\/div>\n\t\t\t\t<\/div>\n\t\t\t\t<\/div>\n\t\t\t\t\t<\/div>\n\t\t<\/div>\n\t\t\t\t\t<\/div>\n\t\t<\/section>\n\t\t\t\t<\/div>\n\t\t","protected":false},"excerpt":{"rendered":"<p>Mensuelle Hebdomadaire Quotidienne f\u00e9vrier mars 2022 avril LUN MAR MER JEU VEN SAM DIM 28 1 2 3 4 5 6 7 8 9 10 11 12 13 14 15 16 17 18 19 20 21 22 23 24 25 26 27 28 29 30 31 1 2 3 \u00c9v\u00e9nements pour le 28 f\u00e9vrier 8 &hellip;<\/p>\n","protected":false},"author":6,"featured_media":0,"parent":0,"menu_order":0,"comment_status":"closed","ping_status":"closed","template":"elementor_header_footer","meta":{"footnotes":""},"_links":{"self":[{"href":"https:\/\/www.ville-harnes.fr\/site\/wp-json\/wp\/v2\/pages\/1976"}],"collection":[{"href":"https:\/\/www.ville-harnes.fr\/site\/wp-json\/wp\/v2\/pages"}],"about":[{"href":"https:\/\/www.ville-harnes.fr\/site\/wp-json\/wp\/v2\/types\/page"}],"author":[{"embeddable":true,"href":"https:\/\/www.ville-harnes.fr\/site\/wp-json\/wp\/v2\/users\/6"}],"replies":[{"embeddable":true,"href":"https:\/\/www.ville-harnes.fr\/site\/wp-json\/wp\/v2\/comments?post=1976"}],"version-history":[{"count":48,"href":"https:\/\/www.ville-harnes.fr\/site\/wp-json\/wp\/v2\/pages\/1976\/revisions"}],"predecessor-version":[{"id":15927,"href":"https:\/\/www.ville-harnes.fr\/site\/wp-json\/wp\/v2\/pages\/1976\/revisions\/15927"}],"wp:attachment":[{"href":"https:\/\/www.ville-harnes.fr\/site\/wp-json\/wp\/v2\/media?parent=1976"}],"curies":[{"name":"wp","href":"https:\/\/api.w.org\/{rel}","templated":true}]}}